{"id":22,"date":"2022-11-14T12:27:41","date_gmt":"2022-11-14T12:27:41","guid":{"rendered":"https:\/\/cimdouro.pt\/provere\/?page_id=22"},"modified":"2024-08-08T11:58:11","modified_gmt":"2024-08-08T11:58:11","slug":"provere","status":"publish","type":"page","link":"https:\/\/cimdouro.pt\/provere\/","title":{"rendered":"Provere"},"content":{"rendered":"<p>[et_pb_section fb_built=&#8221;1&#8243; admin_label=&#8221;Section&#8221; _builder_version=&#8221;4.17.0&#8243; _module_preset=&#8221;1987d1d0-c4de-4ce8-9eff-5c12aefc97fe&#8221; custom_padding=&#8221;||100px|||&#8221; global_colors_info=&#8221;{}&#8221;][et_pb_row column_structure=&#8221;2_3,1_3&#8243; _builder_version=&#8221;4.19.0&#8243; _module_preset=&#8221;d7b51f6b-5070-45ac-bd44-7e9a720f8eb7&#8243; global_colors_info=&#8221;{}&#8221;][et_pb_column type=&#8221;2_3&#8243; _builder_version=&#8221;4.17.0&#8243; _module_preset=&#8221;default&#8221; global_colors_info=&#8221;{}&#8221;][et_pb_text module_id=&#8221;eec-douro-2020&#8243; _builder_version=&#8221;4.27.0&#8243; _module_preset=&#8221;default&#8221; hover_enabled=&#8221;0&#8243; global_colors_info=&#8221;{}&#8221; sticky_enabled=&#8221;0&#8243;]<\/p>\n<h2><strong>PROVERE \u2013 Programa de Valoriza\u00e7\u00e3o Econ\u00f3mica de Recursos End\u00f3genos<\/strong><\/h2>\n<p><strong><\/strong><\/p>\n<h3><strong>Estrat\u00e9gia de Efici\u00eancia Coletiva (EEC) DOURO 2020<\/strong><\/h3>\n<p>&nbsp;<\/p>\n<p style=\"text-align: justify;\">A Estrat\u00e9gia de Efici\u00eancia Coletiva PROVERE DOURO 2020 \u00e9 uma iniciativa conjunta de agentes p\u00fablicos e privados, que unidos numa parceria, consubstanciada num cons\u00f3rcio e alicer\u00e7ado num conjunto coerente e estrategicamente estruturado de iniciativas \u2013 Programa de A\u00e7\u00e3o, tem como objetivo concreto de transformar recursos \u00fanicos, inimit\u00e1veis e diferenciadores do Douro em valor e cria\u00e7\u00e3o de emprego, em emprego.<\/p>\n<p style=\"text-align: justify;\">A estrat\u00e9gia assenta no recurso end\u00f3geno &#8211; <strong><em>o Douro enquanto capital simb\u00f3lico e identit\u00e1rio de (re)conhecido valor universal<\/em><\/strong> &#8211; e num foco tem\u00e1tico consensualmente assumido \u2013 <strong><em>valoriza\u00e7\u00e3o econ\u00f3mica plurissectorial baseada na identidade e patrim\u00f3nio cultural e na criatividade<\/em><\/strong>.<\/p>\n<p style=\"text-align: justify;\">A estrat\u00e9gia formulada enuncia uma vis\u00e3o e um conjunto de objetivos estrat\u00e9gicos (4), declinados por sua vez em objetivos operacionais (7), os quais enquadram os projetos \u00e2ncora identificados e concertados entre os seus promotores, bem como os projetos complementares \u2013 <strong><em>Programa de A\u00e7\u00e3o<\/em><\/strong>.<em><\/em><\/p>\n<p>&nbsp;<\/p>\n<p>&nbsp;<\/p>\n<h4 style=\"text-align: justify;\"><strong>Foco Tem\u00e1tico<\/strong><strong><\/strong><\/h4>\n<p><strong><\/strong><\/p>\n<p><em>O Douro enquanto capital simb\u00f3lico e identit\u00e1rio de (re)conhecido valor universal<\/em><\/p>\n<p><strong><em>\u00a0<\/em><\/strong><\/p>\n<p>&nbsp;<\/p>\n<h4><strong>Vis\u00e3o<\/strong><\/h4>\n<p><strong><\/strong><\/p>\n<p style=\"text-align: justify;\"><em>Consolidar uma trajet\u00f3ria de converg\u00eancia, nacional e europeia, sustentada na valoriza\u00e7\u00e3o econ\u00f3mica dos recursos end\u00f3genos baseada em dimens\u00f5es simb\u00f3licas e criativas, relacionadas com a heran\u00e7a, o patrim\u00f3nio cultural e natural e suas marcas distintivas, com capacidade de diferencia\u00e7\u00e3o, inova\u00e7\u00e3o e competitividade num contexto sustent\u00e1vel, inclusivo e de coopera\u00e7\u00e3o interna e com o exterior.<\/em><\/p>\n<p>&nbsp;<\/p>\n<p>&nbsp;<\/p>\n<h4><strong>Objetivos Estrat\u00e9gicos<\/strong><\/h4>\n<p><strong><\/strong><\/p>\n<ol style=\"text-align: justify;\">\n<li>Promover a qualifica\u00e7\u00e3o econ\u00f3mica e do capital humano, o empreendedorismo e a inova\u00e7\u00e3o, com especial enfoque na base da cultura e criatividade;<\/li>\n<\/ol>\n<ol start=\"2\" style=\"text-align: justify;\">\n<li>Favorecer a apropria\u00e7\u00e3o e partilha dos valores da singularidade dos recursos e da paisagem\/territ\u00f3rio em benef\u00edcio de um desenvolvimento sustent\u00e1vel;<\/li>\n<\/ol>\n<ol start=\"3\" style=\"text-align: justify;\">\n<li>Melhorar as condi\u00e7\u00f5es de promo\u00e7\u00e3o e competitividade externa da regi\u00e3o, mobilizando as marcas associadas aos valores patrimoniais e recursos do territ\u00f3rio;<\/li>\n<\/ol>\n<ol start=\"4\" style=\"text-align: justify;\">\n<li>Aumentar as condi\u00e7\u00f5es de capacita\u00e7\u00e3o e de qualifica\u00e7\u00e3o do tecido institucional, p\u00fablico e privado, tendo em vista melhorias de governance, inser\u00e7\u00e3o em espa\u00e7os exteriores e coes\u00e3o territorial.<\/li>\n<\/ol>\n<ol><\/ol>\n<ol style=\"text-align: justify;\">\n<ol><\/ol>\n<\/ol>\n<ol style=\"text-align: justify;\"><\/ol>\n<p style=\"text-align: justify;\"><strong>\u00a0<\/strong><\/p>\n<p style=\"text-align: justify;\"><strong>\u00a0<\/strong><\/p>\n<h4 style=\"text-align: justify;\"><strong>Objetivos Operacionais<\/strong><strong><\/strong><\/h4>\n<p><strong><\/strong><\/p>\n<ol style=\"text-align: justify;\">\n<li>Qualificar e diversificar a atividade econ\u00f3mica baseada na Paisagem Cultural do Alto Douro Vinhateiro, incluindo a oferta de produtos tur\u00edsticos<\/li>\n<\/ol>\n<ol start=\"2\" style=\"text-align: justify;\">\n<li>Melhorar as condi\u00e7\u00f5es estruturais de acesso e frui\u00e7\u00e3o dos valores paisag\u00edsticos e naturais da regi\u00e3o.<\/li>\n<\/ol>\n<ol start=\"3\" style=\"text-align: justify;\">\n<li>Melhorar as condi\u00e7\u00f5es de envolvimento e de interpreta\u00e7\u00e3o dos valores do patrim\u00f3nio da regi\u00e3o potenciando a cria\u00e7\u00e3o de valor.<\/li>\n<\/ol>\n<ol start=\"4\" style=\"text-align: justify;\">\n<li>Promover a valoriza\u00e7\u00e3o econ\u00f3mica e o acesso \u00e0s produ\u00e7\u00f5es de base local.<\/li>\n<\/ol>\n<ol start=\"5\" style=\"text-align: justify;\">\n<li>Refor\u00e7ar e qualificar a oferta de servi\u00e7os tur\u00edsticos de forma alargada a toda a regi\u00e3o do Douro.<\/li>\n<\/ol>\n<ol start=\"6\" style=\"text-align: justify;\">\n<li>Dotar a regi\u00e3o do Douro de melhores instrumentos de apoio \u00e0 organiza\u00e7\u00e3o da oferta tur\u00edstica, \u00e0 comunica\u00e7\u00e3o integrada e \u00e0 dissemina\u00e7\u00e3o de boas pr\u00e1ticas.<\/li>\n<\/ol>\n<ol start=\"7\" style=\"text-align: justify;\">\n<li>Consolidar o trabalho em rede da parceria e garantir condi\u00e7\u00f5es de efic\u00e1cia da EEC PROVERE Douro 2020.<\/li>\n<\/ol>\n<p><em><\/em><\/p>\n<p><strong><em>\u00a0<\/em><\/strong><\/p>\n<h4 style=\"text-align: justify;\"><strong>Programa de A\u00e7\u00e3o<\/strong><\/h4>\n<p><strong><\/strong><\/p>\n<p style=\"text-align: justify;\">O Programa de A\u00e7\u00e3o integra um conjunto coerente\/articulado de Projetos \u00c2ncora e Complementares. Os\u00a0<strong>projetos \u00e2ncora\u00a0<\/strong>s\u00e3o sobretudo projetos de iniciativa p\u00fablica, que pela sua dimens\u00e3o ou pelo car\u00e1cter mobilizador devem ser orientados no sentido de criar condi\u00e7\u00f5es e estimular o investimento privado, de natureza principalmente empresarial \u2013 <strong>projetos complementares<\/strong> &#8211; direcionados para a cria\u00e7\u00e3o de riqueza baseada nos recursos espec\u00edficos do territ\u00f3rio.<\/p>\n<p><em><\/em><\/p>\n<p><strong><em>\u00a0<\/em><\/strong><\/p>\n<h4 style=\"text-align: justify;\"><strong>\u00c1rea de Interven\u00e7\u00e3o<\/strong><\/h4>\n<p><strong><\/strong><\/p>\n<p style=\"text-align: justify;\">A EEC PROVERE Douro 2020 incide sobre os 19 munic\u00edpios da CIMDOURO num territ\u00f3rio muito heterog\u00e9neo que encerra dois s\u00edtios Patrim\u00f3nio Mundial (Vale do C\u00f4a e Alto Douro Vinhateiro) e um bem inscrito na lista do Patrim\u00f3nio Cultural Imaterial da Humanidade (Barro Preto de Bisalh\u00e3es) e Integra tamb\u00e9m grande parte da \u00e1rea da Regi\u00e3o Demarcada do Douro (a mais antiga regi\u00e3o vitivin\u00edcola demarcada do mundo), bem como 3 parques naturais (Alv\u00e3o, Douro Internacional, Vale do Tua).<\/p>\n<p style=\"text-align: justify;\"><a href=\"https:\/\/cimdouro.pt\/provere\/wp-content\/uploads\/2022\/11\/Mapa-Ancoras-Site.pdf\" target=\"_blank\" rel=\"noopener\">Tabela de Projetos (PDF)<\/a><\/p>\n<p>&nbsp;<\/p>\n<h4 class=\"p2\"><strong>Programa de Visita\u00e7\u00e3o<\/strong><\/h4>\n<p class=\"p2\"><a href=\"https:\/\/cimdouro.pt\/provere\/wp-content\/uploads\/2024\/08\/27-a-29-Set-2021-Programa-a.pdf\" target=\"_blank\" rel=\"noopener\">A\u00e7\u00e3o de Promo\u00e7\u00e3o Territorial (PDF)<\/a><\/p>\n<p>[\/et_pb_text][et_pb_divider color=&#8221;#000000&#8243; divider_style=&#8221;dotted&#8221; divider_weight=&#8221;4px&#8221; module_id=&#8221;documentos&#8221; _builder_version=&#8221;4.17.0&#8243; _module_preset=&#8221;default&#8221; custom_margin=&#8221;120px||120px||false|false&#8221; custom_padding=&#8221;||||false|false&#8221; global_colors_info=&#8221;{}&#8221;][\/et_pb_divider][et_pb_text _builder_version=&#8221;4.17.0&#8243; _module_preset=&#8221;default&#8221; header_2_font=&#8221;Montserrat||||||||&#8221; header_2_font_size=&#8221;35px&#8221; custom_margin=&#8221;||||false|false&#8221; global_colors_info=&#8221;{}&#8221;]<\/p>\n<h2>Documentos<\/h2>\n<p>[\/et_pb_text][et_pb_text _builder_version=&#8221;4.19.0&#8243; _module_preset=&#8221;default&#8221; global_colors_info=&#8221;{}&#8221;]<\/p>\n<p><a href=\"https:\/\/cimdouro.pt\/provere\/wp-content\/uploads\/2022\/11\/ContratoPROVERE.pdf\" title=\"Contrato Conso\u0301rcio PROVERE\" target=\"_blank\" rel=\"noopener\">Contrato Conso\u0301rcio PROVERE<\/a><\/p>\n<p><a href=\"https:\/\/cimdouro.pt\/provere\/wp-content\/uploads\/2022\/11\/Contrato_Consorcio_PROVERE_P1.pdf\" target=\"_blank\" rel=\"noopener\" title=\"Contrato Conso\u0301rcio PROVERE - Parte 1\">Contrato Conso\u0301rcio PROVERE &#8211; Parte 1<\/a><\/p>\n<p><a href=\"https:\/\/cimdouro.pt\/provere\/wp-content\/uploads\/2022\/11\/Contrato_Consorcio_PROVERE_P2.pdf\" target=\"_blank\" rel=\"noopener\" title=\"Contrato Conso\u0301rcio PROVERE - Parte 2\">Contrato Conso\u0301rcio PROVERE &#8211; Parte 2<\/a><\/p>\n<p><a href=\"https:\/\/cimdouro.pt\/provere\/wp-content\/uploads\/2022\/11\/Contrato_Consorcio_PROVERE_P3.pdf\" target=\"_blank\" rel=\"noopener\" title=\"Contrato Conso\u0301rcio PROVERE - Parte 3\">Contrato Conso\u0301rcio PROVERE &#8211; Parte 3<\/a><\/p>\n<p>[\/et_pb_text][et_pb_divider color=&#8221;#000000&#8243; divider_style=&#8221;dotted&#8221; divider_weight=&#8221;4px&#8221; disabled_on=&#8221;on|on|on&#8221; module_id=&#8221;ficha-de-projeto&#8221; _builder_version=&#8221;4.17.0&#8243; _module_preset=&#8221;default&#8221; custom_margin=&#8221;120px||120px||false|false&#8221; custom_padding=&#8221;||||false|false&#8221; disabled=&#8221;on&#8221; global_colors_info=&#8221;{}&#8221;][\/et_pb_divider][et_pb_text disabled_on=&#8221;on|on|on&#8221; _builder_version=&#8221;4.17.0&#8243; _module_preset=&#8221;default&#8221; header_2_font=&#8221;Montserrat||||||||&#8221; header_2_font_size=&#8221;35px&#8221; custom_margin=&#8221;||||false|false&#8221; disabled=&#8221;on&#8221; global_colors_info=&#8221;{}&#8221;]<\/p>\n<h2>Fichas de Projeto<\/h2>\n<p>[\/et_pb_text][et_pb_divider color=&#8221;#000000&#8243; divider_style=&#8221;dotted&#8221; divider_weight=&#8221;4px&#8221; module_id=&#8221;contactos&#8221; _builder_version=&#8221;4.17.0&#8243; _module_preset=&#8221;default&#8221; custom_margin=&#8221;120px||120px||false|false&#8221; custom_padding=&#8221;||||false|false&#8221; global_colors_info=&#8221;{}&#8221;][\/et_pb_divider][et_pb_text _builder_version=&#8221;4.17.0&#8243; _module_preset=&#8221;default&#8221; header_2_font=&#8221;Montserrat||||||||&#8221; header_2_font_size=&#8221;35px&#8221; custom_margin=&#8221;||||false|false&#8221; global_colors_info=&#8221;{}&#8221;]<\/p>\n<h2>Contactos<\/h2>\n<p>[\/et_pb_text][et_pb_text _builder_version=&#8221;4.19.0&#8243; _module_preset=&#8221;default&#8221; global_colors_info=&#8221;{}&#8221;]<\/p>\n<p><span class=\"dsm_icon_list_text\">Av. Carvalho Ara\u00fajo 7, <\/span><span class=\"dsm_icon_list_text\">5000-657 Vila Real<\/span><\/p>\n<p><a href=\"tel:+351%20259%20309%20732\"><span class=\"dsm_icon_list_text\">+351 259 309 732<\/span><\/a> | Chamada para a rede fixa nacional<\/p>\n<p><a href=\"mailto:correio@cimdouro.pt\"><span class=\"dsm_icon_list_text\">correio@cimdouro.pt<\/span><\/a><\/p>\n<p>[\/et_pb_text][\/et_pb_column][et_pb_column type=&#8221;1_3&#8243; module_class=&#8221;coluna-lateral-menu&#8221; disabled_on=&#8221;off|off|off&#8221; _builder_version=&#8221;4.19.0&#8243; _module_preset=&#8221;default&#8221; sticky_position=&#8221;top&#8221; sticky_offset_top=&#8221;60px&#8221; sticky_limit_bottom=&#8221;row&#8221; global_colors_info=&#8221;{}&#8221;][dsm_facebook_feed fb_page_url=&#8221;https:\/\/www.facebook.com\/cimdouro&#8221; fb_tabs=&#8221;off|off|off&#8221; fb_small_header=&#8221;true&#8221; disabled_on=&#8221;on|on|off&#8221; _builder_version=&#8221;4.19.0&#8243; _module_preset=&#8221;default&#8221; custom_padding=&#8221;||0px|||&#8221; global_colors_info=&#8221;{}&#8221;][\/dsm_facebook_feed][et_pb_text _builder_version=&#8221;4.17.0&#8243; _module_preset=&#8221;default&#8221; custom_margin=&#8221;43px||18px|||&#8221; global_colors_info=&#8221;{}&#8221;]<\/p>\n<p>Envie-nos uma mensagem!<\/p>\n<p>[\/et_pb_text][dsm_contact_form_7 cf7_library=&#8221;46&#8243; _builder_version=&#8221;4.19.0&#8243; _module_preset=&#8221;default&#8221; custom_margin=&#8221;||40px|||&#8221; custom_padding=&#8221;12px|||||&#8221; global_colors_info=&#8221;{}&#8221;][\/dsm_contact_form_7][\/et_pb_column][\/et_pb_row][\/et_pb_section]<\/p>\n","protected":false},"excerpt":{"rendered":"<p>PROVERE \u2013 Programa de Valoriza\u00e7\u00e3o Econ\u00f3mica de Recursos End\u00f3genos Estrat\u00e9gia de Efici\u00eancia Coletiva (EEC) DOURO 2020 &nbsp; A Estrat\u00e9gia de Efici\u00eancia Coletiva PROVERE DOURO 2020 \u00e9 uma iniciativa conjunta de agentes p\u00fablicos e privados, que unidos numa parceria, consubstanciada num cons\u00f3rcio e alicer\u00e7ado num conjunto coerente e estrategicamente estruturado de iniciativas \u2013 Programa de A\u00e7\u00e3o, [&hellip;]<\/p>\n","protected":false},"author":1,"featured_media":0,"parent":0,"menu_order":0,"comment_status":"closed","ping_status":"closed","template":"","meta":{"_et_pb_use_builder":"on","_et_pb_old_content":"","_et_gb_content_width":"","footnotes":""},"class_list":["post-22","page","type-page","status-publish","hentry"],"_links":{"self":[{"href":"https:\/\/cimdouro.pt\/provere\/wp-json\/wp\/v2\/pages\/22","targetHints":{"allow":["GET"]}}],"collection":[{"href":"https:\/\/cimdouro.pt\/provere\/wp-json\/wp\/v2\/pages"}],"about":[{"href":"https:\/\/cimdouro.pt\/provere\/wp-json\/wp\/v2\/types\/page"}],"author":[{"embeddable":true,"href":"https:\/\/cimdouro.pt\/provere\/wp-json\/wp\/v2\/users\/1"}],"replies":[{"embeddable":true,"href":"https:\/\/cimdouro.pt\/provere\/wp-json\/wp\/v2\/comments?post=22"}],"version-history":[{"count":14,"href":"https:\/\/cimdouro.pt\/provere\/wp-json\/wp\/v2\/pages\/22\/revisions"}],"predecessor-version":[{"id":105,"href":"https:\/\/cimdouro.pt\/provere\/wp-json\/wp\/v2\/pages\/22\/revisions\/105"}],"wp:attachment":[{"href":"https:\/\/cimdouro.pt\/provere\/wp-json\/wp\/v2\/media?parent=22"}],"curies":[{"name":"wp","href":"https:\/\/api.w.org\/{rel}","templated":true}]}}